{"id":2,"date":"2014-09-15T10:31:42","date_gmt":"2014-09-15T10:31:42","guid":{"rendered":"http:\/\/www.lnb.lt\/conference\/bibliotekos2014\/?page_id=2"},"modified":"2014-10-02T12:39:23","modified_gmt":"2014-10-02T09:39:23","slug":"apie","status":"publish","type":"page","link":"https:\/\/konferencijos.lnb.lt\/bibliotekos2014\/apie\/","title":{"rendered":"Apie"},"content":{"rendered":"<p>2014 m. lapkri\u010dio 5 d. Lietuvos Respublikos Seime vyksianti Lietuvos nacionalin\u0117s Martyno Ma\u017evydo bibliotekos organizuojama tarptautin\u0117 konferencija &#8211;<strong> \u201eBibliotekos socialiniams poky\u010diams 2014: bibliotekos Europos S\u0105jungos informacijos, mokslo ir kult\u016bros politikoje\u201c<\/strong> &#8211; skirta atskleisti pirmojo Lietuvos naryst\u0117s Europos S\u0105jungoje de\u0161imtme\u010dio metu \u012fvykusius poky\u010dius bibliotek\u0173 veikloje, analizuojant juos Europos S\u0105jungos informacijos, mokslo ir kult\u016bros politikos prioritet\u0173 siekimo kontekste. Renginys yra \u012ftrauktas \u012f oficial\u0173 Lietuvos Respublikos U\u017esienio reikal\u0173 ministerijos nevyriausybini\u0173 organizacij\u0173 ir socialini\u0173 partneri\u0173 organizuojam\u0173 Lietuvos naryst\u0117s Europos S\u0105jungoje 10-me\u010dio vie\u0161inimo susitikim\u0173 s\u0105ra\u0161\u0105 ir yra dalinai finansuojamas Europos socialinio fondo agent\u016bros ESFA.<\/p>\n<p>Konferencijos programoje dalyvausiantys prane\u0161\u0117jai atstovauja Europos S\u0105jungos valstybes (Lietuva, Latvija, Estija, \u010cekija, Did\u017eioji Britanija, Nyderlandai), taip pat \u0161alis kandidates (Turkija) ir ES partneres (Kataras). \u012e konferencij\u0105 kvie\u010diami Lietuvos savivaldybi\u0173 ir centrin\u0117s vald\u017eios atstovai, bibliotekos ir j\u0173 partneriai.<\/p>\n<p>Tai jau antroji t\u0119stin\u0117 to paties pavadinimo Nacionalin\u0117s Martyno Ma\u017evydo bibliotekos organizuojama tarptautin\u0117 konferencija, skirta Lietuvos bibliotek\u0173 veiklos rezultat\u0173 ES prioritet\u0173 siekimo kontekste pristatymui. 2013 m. lapkri\u010dio 5 d. Lietuvos nacionalin\u0117 Martyno Ma\u017evydo biblioteka LR Seime organizavo oficial\u0173 Lietuvos pirmininkavimo Europos Tarybai rengin\u012f \u2013 tarptautin\u0119 konferencij\u0105 <a href=\"http:\/\/www.lnb.lt\/konferencijos\/bibliotekos2013\">\u201eBibliotekos \u2013 socialiniams poky\u010diams 2013: Baltijos regiono \u0161ali\u0173 patirtis\u201c<\/a>.<\/p>\n<ul>\n<li><strong>Konferencijos data ir laikas:<\/strong> 2014 m. lapkri\u010dio 5 d., 09:30-15:10 val.<\/li>\n<li><strong>Konferencijos vieta:<\/strong> LR Seimo III r\u016bm\u0173 konferencij\u0173 sal\u0117, Gedimino pr. 53, Vilnius, Lietuva<\/li>\n<\/ul>\n","protected":false},"excerpt":{"rendered":"<p>2014 m. lapkri\u010dio 5 d. Lietuvos Respublikos Seime vyksianti Lietuvos nacionalin\u0117s Martyno Ma\u017evydo bibliotekos organizuojama tarptautin\u0117 konferencija &#8211; \u201eBibliotekos socialiniams poky\u010diams 2014: bibliotekos Europos S\u0105jungos informacijos, mokslo ir kult\u016bros politikoje\u201c &#8211; skirta atskleisti pirmojo Lietuvos naryst\u0117s Europos S\u0105jungoje de\u0161imtme\u010dio metu &hellip;<\/p>\n<p class=\"read-more\"> <a class=\"more-link\" href=\"https:\/\/konferencijos.lnb.lt\/bibliotekos2014\/apie\/\"> <span class=\"screen-reader-text\">Apie<\/span> Read More &raquo;<\/a><\/p>\n","protected":false},"author":1,"featured_media":0,"parent":0,"menu_order":0,"comment_status":"closed","ping_status":"closed","template":"","meta":{"inline_featured_image":false,"ngg_post_thumbnail":0,"footnotes":""},"class_list":["post-2","page","type-page","status-publish","hentry"],"_links":{"self":[{"href":"https:\/\/konferencijos.lnb.lt\/bibliotekos2014\/wp-json\/wp\/v2\/pages\/2","targetHints":{"allow":["GET"]}}],"collection":[{"href":"https:\/\/konferencijos.lnb.lt\/bibliotekos2014\/wp-json\/wp\/v2\/pages"}],"about":[{"href":"https:\/\/konferencijos.lnb.lt\/bibliotekos2014\/wp-json\/wp\/v2\/types\/page"}],"author":[{"embeddable":true,"href":"https:\/\/konferencijos.lnb.lt\/bibliotekos2014\/wp-json\/wp\/v2\/users\/1"}],"replies":[{"embeddable":true,"href":"https:\/\/konferencijos.lnb.lt\/bibliotekos2014\/wp-json\/wp\/v2\/comments?post=2"}],"version-history":[{"count":5,"href":"https:\/\/konferencijos.lnb.lt\/bibliotekos2014\/wp-json\/wp\/v2\/pages\/2\/revisions"}],"predecessor-version":[{"id":115,"href":"https:\/\/konferencijos.lnb.lt\/bibliotekos2014\/wp-json\/wp\/v2\/pages\/2\/revisions\/115"}],"wp:attachment":[{"href":"https:\/\/konferencijos.lnb.lt\/bibliotekos2014\/wp-json\/wp\/v2\/media?parent=2"}],"curies":[{"name":"wp","href":"https:\/\/api.w.org\/{rel}","templated":true}]}}