{"id":8,"date":"2014-09-15T13:46:52","date_gmt":"2014-09-15T10:46:52","guid":{"rendered":"http:\/\/www.lnb.lt\/conference\/bibliotekos2014\/?page_id=8"},"modified":"2014-11-07T12:20:43","modified_gmt":"2014-11-07T10:20:43","slug":"programa","status":"publish","type":"page","link":"https:\/\/konferencijos.lnb.lt\/bibliotekos2014\/programa\/","title":{"rendered":"Programa"},"content":{"rendered":"<p><strong>09:00\u201309:30<\/strong>\u00a0Registracija ir rytin\u0117 kava<\/p>\n<hr \/>\n<h2>09:30\u201311:20\u00a0PLENARINIS POS\u0116DIS<\/h2>\n<p><strong>Ved\u0117jai:<\/strong> prof.dr. Renaldas Gudauskas (Lietuva), dr. Bas Savenije (Nyderland\u0173 Karalyst\u0117)<\/p>\n<p><strong>09:30\u201309:45<\/strong> Sveikinimo \u017eodis<\/p>\n<ul>\n<li><strong>Mindaugas Bastys<\/strong>, Lietuvos Respublikos Seimo Informacin\u0117s visuomen\u0117s pl\u0117tros komiteto pirmininkas<\/li>\n<li><strong>Mantvydas Beke\u0161ius<\/strong>, Lietuvos Respublikos u\u017esienio reikal\u0173 viceministras<\/li>\n<li><strong>\u0160ar\u016bnas Birutis<\/strong>, Lietuvos Respublikos kult\u016bros ministras<\/li>\n<\/ul>\n<p><strong>09:45\u201310:15\u00a0Bibliotek\u0173 vaidmen\u0173 kaita Europos S\u0105jungos informacijos, mokslo ir kult\u016bros politikos kontekste<\/strong><br \/>\n<em>Prof. dr. Renaldas Gudauskas, Lietuvos nacionalin\u0117s Martyno Ma\u017evydo bibliotekos generalinis direktorius<\/em><\/p>\n<p><strong>10:15\u201310:30 \u201ePublic Libraries 2020\u201c iniciatyva<br \/>\n<\/strong><em>Ilona Kish, \u201eReading &amp; Writing Foundation\u201c program\u0173 direktor\u0117<\/em><\/p>\n<p><strong>10:30\u201311:00\u00a0Skaitmenin\u0117s bibliotekos link: nacionalin\u0117s ir Europos partneryst\u0117s<br \/>\n<\/strong><em>Dr. Bas Savenije, Nyderland\u0173 Karalyst\u0117s nacionalin\u0117s bibliotekos direktorius<\/em><\/p>\n<p><strong>11:00\u201311:20 <\/strong>Kavos pertrauka ir diskusijos<\/p>\n<hr \/>\n<h2><strong>11:20\u201313:00\u00a0I SESIJA \u201eEuropos kult\u016bros paveldo sklaidos ir inovacij\u0173 diegimo projektai 2004-2014 m.\u201c<\/strong><\/h2>\n<p><strong>Ved\u0117jai:<\/strong> Vidas Ramanavi\u010dius (Lietuva), Eugenijus Stratilatovas (Lietuva)<\/p>\n<p><strong>11:20\u201311:40<\/strong>\u00a0<strong>Europiniai projektai Brit\u0173 bibliotekoje: ple\u010diama kult\u016bros paveldo prieiga<br \/>\n<\/strong><em>Janet Zmroczek, Brit\u0173 bibliotekos Europos ir Amerikos kolekcij\u0173 centro vadov\u0117<\/em><\/p>\n<p><strong>11:40\u201312:00\u00a0<\/strong><strong>Bibliotekos \u2013 Lietuvos informacinei visuomenei: pasiekimai ir perspektyvos<br \/>\n<\/strong><em>Ieva \u017dilionien\u0117, Informacin\u0117s visuomen\u0117s pl\u0117tros komiteto prie Susisiekimo ministerijos direktoriaus pavaduotoja<\/em><\/p>\n<p><strong>12:00\u201312:20\u00a0<\/strong><strong>Skaitmeninimo steb\u0117senos sistema \u2013 socialinio, finansinio, kult\u016brinio, inovacij\u0173 kapitalo pridedam\u0173j\u0173 ver\u010di\u0173 k\u016brimui<br \/>\n<\/strong><em>Dr. Regina Varnien\u0117-Janssen, Lietuvos nacionalin\u0117s Martyno Ma\u017evydo bibliotekos Nacionalinio skaitmeninimo ir virtualios elektroninio paveldo sistemos centro direktor\u0117<\/em><\/p>\n<p><strong>12:20\u201312:40\u00a0<\/strong><strong>E-leidini\u0173 skolinimas Lietuvoje: problemos ir galimyb\u0117s<br \/>\n<\/strong><em>Eugenijus Stratilatovas, Lietuvos nacionalin\u0117s Martyno Ma\u017evydo bibliotekos Strategini\u0173 projekt\u0173 pl\u0117tros skyriaus ved\u0117jas, \u201eBibliotekos pa\u017eangai 2\u201c vadovas<\/em><\/p>\n<p><strong>12:40-13:00\u00a0Moldovos parlamentin\u0117s bibliotekos veikla: dabartis ir perspektyvos<br \/>\n<\/strong><em>Inga Baciu, Moldovos Parlamento Parlamentini\u0173 tyrim\u0173 ir analiz\u0117s skyriaus vyriausioji patar\u0117ja<\/em><br \/>\n<em>Ala Marinescu, Moldovos Parlamento Informacini\u0173 i\u0161tekli\u0173 skyriaus vadov\u0117<\/em><strong><br \/>\n<\/strong><\/p>\n<p><strong>13:00\u201314:00\u00a0<\/strong>Piet\u016bs<\/p>\n<hr \/>\n<h2>14:00\u201315:30 II SESIJA \u201eBIBLIOTEKOS INFORMACIJOS, MOKSLO IR KULT\u016aROS POLITIKOJE\u201c<\/h2>\n<p><strong>Ved\u0117jai:<\/strong> Andris Vilks (Latvija), Sandra Leknickien\u0117 (Lietuva)<\/p>\n<p><strong>14:00\u201314:20\u00a0<\/strong><strong>Europos bibliotek\u0173 raida Europos S\u0105jungos politikos poky\u010di\u0173 kontekste <\/strong><strong>2004-2014 m.<br \/>\n<\/strong><em>Prof. dr. Claudia Lux, Kataro nacionalin\u0117s bibliotekos direktor\u0117<\/em><\/p>\n<p><strong>14:20\u201314:40 <b>Naujosios Latvijos nacionalin\u0117s bibliotekos erdv\u0117 ir vieta<br \/>\n<\/b><\/strong><em>Andris Vilks, Latvijos nacionalin\u0117s bibliotekos direktorius<\/em><\/p>\n<p><strong>14:40\u201315:00\u00a0<\/strong><strong>Turkijos bibliotek\u0173 veiklos ir Europos S\u0105jungos mokslo bei kult\u016bros politikos s\u0105sajos: projekto Librar-e Turkey atvejis<br \/>\n<\/strong><em>Prof. dr. Mehmet Emin K\u00fc\u00e7\u00fck, Turkijos Hacettepe universitetas, \u201eLibrar-e Turkey\u201c direktorius<\/em><\/p>\n<p><strong>15:00-15:20\u00a0Tiesiog i\u0161manu! Politikos potekst\u0117s Estijos nacionalinei bibliotekai<br \/>\n<\/strong><em>Janne Andresoo, Estijos nacionalin\u0117s bibliotekos generalin\u0117 direktor\u0117<\/em><\/p>\n<p><strong>15:20\u201315:30 <\/strong>Konferencijos apibendrinimas ir diskusija<strong><br \/>\n<\/strong><\/p>\n","protected":false},"excerpt":{"rendered":"<p>09:00\u201309:30\u00a0Registracija ir rytin\u0117 kava 09:30\u201311:20\u00a0PLENARINIS POS\u0116DIS Ved\u0117jai: prof.dr. Renaldas Gudauskas (Lietuva), dr. Bas Savenije (Nyderland\u0173 Karalyst\u0117) 09:30\u201309:45 Sveikinimo \u017eodis Mindaugas Bastys, Lietuvos Respublikos Seimo Informacin\u0117s visuomen\u0117s pl\u0117tros komiteto pirmininkas Mantvydas Beke\u0161ius, Lietuvos Respublikos u\u017esienio reikal\u0173 viceministras \u0160ar\u016bnas Birutis, Lietuvos Respublikos &hellip;<\/p>\n<p class=\"read-more\"> <a class=\"more-link\" href=\"https:\/\/konferencijos.lnb.lt\/bibliotekos2014\/programa\/\"> <span class=\"screen-reader-text\">Programa<\/span> Read More &raquo;<\/a><\/p>\n","protected":false},"author":1,"featured_media":0,"parent":0,"menu_order":0,"comment_status":"closed","ping_status":"closed","template":"","meta":{"inline_featured_image":false,"ngg_post_thumbnail":0,"footnotes":""},"class_list":["post-8","page","type-page","status-publish","hentry"],"_links":{"self":[{"href":"https:\/\/konferencijos.lnb.lt\/bibliotekos2014\/wp-json\/wp\/v2\/pages\/8","targetHints":{"allow":["GET"]}}],"collection":[{"href":"https:\/\/konferencijos.lnb.lt\/bibliotekos2014\/wp-json\/wp\/v2\/pages"}],"about":[{"href":"https:\/\/konferencijos.lnb.lt\/bibliotekos2014\/wp-json\/wp\/v2\/types\/page"}],"author":[{"embeddable":true,"href":"https:\/\/konferencijos.lnb.lt\/bibliotekos2014\/wp-json\/wp\/v2\/users\/1"}],"replies":[{"embeddable":true,"href":"https:\/\/konferencijos.lnb.lt\/bibliotekos2014\/wp-json\/wp\/v2\/comments?post=8"}],"version-history":[{"count":19,"href":"https:\/\/konferencijos.lnb.lt\/bibliotekos2014\/wp-json\/wp\/v2\/pages\/8\/revisions"}],"predecessor-version":[{"id":287,"href":"https:\/\/konferencijos.lnb.lt\/bibliotekos2014\/wp-json\/wp\/v2\/pages\/8\/revisions\/287"}],"wp:attachment":[{"href":"https:\/\/konferencijos.lnb.lt\/bibliotekos2014\/wp-json\/wp\/v2\/media?parent=8"}],"curies":[{"name":"wp","href":"https:\/\/api.w.org\/{rel}","templated":true}]}}